{"id":1126,"date":"2025-01-07T10:08:23","date_gmt":"2025-01-07T09:08:23","guid":{"rendered":"https:\/\/www.diebilderwerkstatt-dsk.de\/?page_id=1126"},"modified":"2025-12-02T11:42:15","modified_gmt":"2025-12-02T10:42:15","slug":"2025-bilder-des-monats","status":"publish","type":"page","link":"https:\/\/www.diebilderwerkstatt-dsk.de\/index.php\/2025-bilder-des-monats\/","title":{"rendered":"2025 Bilder des Monats"},"content":{"rendered":"<p><div class=\"fusion-fullwidth fullwidth-box fusion-builder-row-1 fusion-flex-container has-pattern-background has-mask-background nonhundred-percent-fullwidth non-hundred-percent-height-scrolling\" style=\"--awb-border-radius-top-left:0px;--awb-border-radius-top-right:0px;--awb-border-radius-bottom-right:0px;--awb-border-radius-bottom-left:0px;\" ><div class=\"fusion-builder-row fusion-row fusion-flex-align-items-flex-start\" style=\"max-width:1352px;margin-left: calc(-4% \/ 2 );margin-right: calc(-4% \/ 2 );\"><div class=\"fusion-layout-column fusion_builder_column fusion-builder-column-0 fusion_builder_column_1_1 1_1 fusion-flex-column\" style=\"--awb-bg-size:cover;--awb-width-large:100%;--awb-margin-top-large:0px;--awb-spacing-right-large:1.92%;--awb-margin-bottom-large:20px;--awb-spacing-left-large:1.92%;--awb-width-medium:100%;--awb-order-medium:0;--awb-spacing-right-medium:1.92%;--awb-spacing-left-medium:1.92%;--awb-width-small:100%;--awb-order-small:0;--awb-spacing-right-small:1.92%;--awb-spacing-left-small:1.92%;\"><div class=\"fusion-column-wrapper fusion-column-has-shadow fusion-flex-justify-content-flex-start fusion-content-layout-column\"><div class=\"fusion-text fusion-text-1\"><p style=\"font-size: 25px; text-align: center;\" data-fusion-font=\"true\"><b style=\"color: #141617;\"><span style=\"color: var(--awb-custom_color_1);\">2025\u00a0 \u00a0 Bilder des Monats<\/span><\/b><\/p>\n<\/div><\/div><\/div><\/div><\/div><div class=\"fusion-fullwidth fullwidth-box fusion-builder-row-2 fusion-flex-container has-pattern-background has-mask-background nonhundred-percent-fullwidth non-hundred-percent-height-scrolling\" style=\"--awb-border-radius-top-left:0px;--awb-border-radius-top-right:0px;--awb-border-radius-bottom-right:0px;--awb-border-radius-bottom-left:0px;\" ><div class=\"fusion-builder-row fusion-row fusion-flex-align-items-flex-start\" style=\"max-width:1352px;margin-left: calc(-4% \/ 2 );margin-right: calc(-4% \/ 2 );\"><div class=\"fusion-layout-column fusion_builder_column fusion-builder-column-1 fusion_builder_column_1_2 1_2 fusion-flex-column\" style=\"--awb-bg-size:cover;--awb-width-large:50%;--awb-margin-top-large:0px;--awb-spacing-right-large:3.84%;--awb-margin-bottom-large:20px;--awb-spacing-left-large:3.84%;--awb-width-medium:50%;--awb-order-medium:0;--awb-spacing-right-medium:3.84%;--awb-spacing-left-medium:3.84%;--awb-width-small:100%;--awb-order-small:0;--awb-spacing-right-small:1.92%;--awb-spacing-left-small:1.92%;\"><div class=\"fusion-column-wrapper fusion-column-has-shadow fusion-flex-justify-content-flex-start fusion-content-layout-column\"><div class=\"fusion-image-element \" style=\"--awb-caption-title-size:var(--h2_typography-font-size);--awb-caption-title-transform:var(--h2_typography-text-transform);--awb-caption-title-line-height:var(--h2_typography-line-height);--awb-caption-title-letter-spacing:var(--h2_typography-letter-spacing);\"><span class=\" fusion-imageframe imageframe-none imageframe-1 hover-type-none\"><img decoding=\"async\" width=\"1600\" height=\"867\" title=\"9239_utopia\" src=\"https:\/\/www.diebilderwerkstatt-dsk.de\/wp-content\/uploads\/2025\/12\/9239_utopia.jpg\" alt class=\"img-responsive wp-image-1480\" srcset=\"https:\/\/www.diebilderwerkstatt-dsk.de\/wp-content\/uploads\/2025\/12\/9239_utopia-200x108.jpg 200w, https:\/\/www.diebilderwerkstatt-dsk.de\/wp-content\/uploads\/2025\/12\/9239_utopia-400x217.jpg 400w, https:\/\/www.diebilderwerkstatt-dsk.de\/wp-content\/uploads\/2025\/12\/9239_utopia-600x325.jpg 600w, https:\/\/www.diebilderwerkstatt-dsk.de\/wp-content\/uploads\/2025\/12\/9239_utopia-800x434.jpg 800w, https:\/\/www.diebilderwerkstatt-dsk.de\/wp-content\/uploads\/2025\/12\/9239_utopia-1200x650.jpg 1200w, https:\/\/www.diebilderwerkstatt-dsk.de\/wp-content\/uploads\/2025\/12\/9239_utopia.jpg 1600w\" sizes=\"(max-width: 640px) 100vw, 800px\" \/><\/span><\/div><\/div><\/div><div class=\"fusion-layout-column fusion_builder_column fusion-builder-column-2 fusion_builder_column_1_2 1_2 fusion-flex-column\" style=\"--awb-bg-size:cover;--awb-width-large:50%;--awb-margin-top-large:0px;--awb-spacing-right-large:3.84%;--awb-margin-bottom-large:20px;--awb-spacing-left-large:3.84%;--awb-width-medium:50%;--awb-order-medium:0;--awb-spacing-right-medium:3.84%;--awb-spacing-left-medium:3.84%;--awb-width-small:100%;--awb-order-small:0;--awb-spacing-right-small:1.92%;--awb-spacing-left-small:1.92%;\"><div class=\"fusion-column-wrapper fusion-column-has-shadow fusion-flex-justify-content-flex-start fusion-content-layout-column\"><div class=\"fusion-text fusion-text-2\"><p><b style=\"font-size: 20px; color: var(--awb-custom_color_1);\" data-fusion-font=\"true\">Dezember<\/b><\/p>\n<h5>K\u00fcnstlerin:\u00a0 \u00a0 \u00a0 \u00a0 \u00a0 \u00a0 \u00a0 \u00a0Anne Nisch<\/h5>\n<h5>Titel:\u00a0 \u00a0 \u00a0 \u00a0 \u00a0 \u00a0 \u00a0 \u00a0 \u00a0 \u00a0 \u00a0 \u00a0 \u00a0 \u00a0Utopia<\/h5>\n<h5>Technik:\u00a0 \u00a0 \u00a0 \u00a0 \u00a0 \u00a0 \u00a0 \u00a0 \u00a0 \u00a0 Fotocomposing, fineArt-Druck<\/h5>\n<h5>\u00a0 \u00a0 \u00a0 \u00a0 \u00a0 \u00a0 \u00a0 \u00a0 \u00a0 \u00a0 \u00a0 \u00a0 \u00a0 \u00a0 \u00a0 \u00a0 \u00a0 \u00a0 \u00a0kaschiert auf Alu-Dipond<\/h5>\n<h5>Ma\u00dfe:\u00a0 \u00a0 \u00a0 \u00a0 \u00a0 \u00a0 \u00a0 \u00a0 \u00a0 \u00a0 \u00a0 \u00a0 53 x\u00a0 100 cm<\/h5>\n<h5>Preis:\u00a0 \u00a0 \u00a0 \u00a0 \u00a0 \u00a0 \u00a0 \u00a0 \u00a0 \u00a0 \u00a0 \u00a0 \u00a01490 \u20ac (m.R)<\/h5>\n<\/div><\/div><\/div><div class=\"fusion-layout-column fusion_builder_column fusion-builder-column-3 fusion_builder_column_1_2 1_2 fusion-flex-column\" style=\"--awb-bg-size:cover;--awb-width-large:50%;--awb-margin-top-large:0px;--awb-spacing-right-large:3.84%;--awb-margin-bottom-large:20px;--awb-spacing-left-large:3.84%;--awb-width-medium:50%;--awb-order-medium:0;--awb-spacing-right-medium:3.84%;--awb-spacing-left-medium:3.84%;--awb-width-small:100%;--awb-order-small:0;--awb-spacing-right-small:1.92%;--awb-spacing-left-small:1.92%;\"><div class=\"fusion-column-wrapper fusion-column-has-shadow fusion-flex-justify-content-flex-start fusion-content-layout-column\"><div class=\"fusion-image-element \" style=\"--awb-caption-title-size:var(--h2_typography-font-size);--awb-caption-title-transform:var(--h2_typography-text-transform);--awb-caption-title-line-height:var(--h2_typography-line-height);--awb-caption-title-letter-spacing:var(--h2_typography-letter-spacing);\"><span class=\" fusion-imageframe imageframe-none imageframe-2 hover-type-none\"><img decoding=\"async\" width=\"1181\" height=\"787\" title=\"103920251200011\" src=\"https:\/\/www.diebilderwerkstatt-dsk.de\/wp-content\/uploads\/2025\/12\/103920251200011.jpg\" alt class=\"img-responsive wp-image-1478\" srcset=\"https:\/\/www.diebilderwerkstatt-dsk.de\/wp-content\/uploads\/2025\/12\/103920251200011-200x133.jpg 200w, https:\/\/www.diebilderwerkstatt-dsk.de\/wp-content\/uploads\/2025\/12\/103920251200011-400x267.jpg 400w, https:\/\/www.diebilderwerkstatt-dsk.de\/wp-content\/uploads\/2025\/12\/103920251200011-600x400.jpg 600w, https:\/\/www.diebilderwerkstatt-dsk.de\/wp-content\/uploads\/2025\/12\/103920251200011-800x533.jpg 800w, https:\/\/www.diebilderwerkstatt-dsk.de\/wp-content\/uploads\/2025\/12\/103920251200011.jpg 1181w\" sizes=\"(max-width: 640px) 100vw, 800px\" \/><\/span><\/div><\/div><\/div><div class=\"fusion-layout-column fusion_builder_column fusion-builder-column-4 fusion_builder_column_1_2 1_2 fusion-flex-column\" style=\"--awb-bg-size:cover;--awb-width-large:50%;--awb-margin-top-large:0px;--awb-spacing-right-large:3.84%;--awb-margin-bottom-large:20px;--awb-spacing-left-large:3.84%;--awb-width-medium:50%;--awb-order-medium:0;--awb-spacing-right-medium:3.84%;--awb-spacing-left-medium:3.84%;--awb-width-small:100%;--awb-order-small:0;--awb-spacing-right-small:1.92%;--awb-spacing-left-small:1.92%;\"><div class=\"fusion-column-wrapper fusion-column-has-shadow fusion-flex-justify-content-flex-start fusion-content-layout-column\"><div class=\"fusion-text fusion-text-3\"><h5>K\u00fcnstlerin:\u00a0 \u00a0 \u00a0 \u00a0 \u00a0 \u00a0 \u00a0 \u00a0Ulrike Holzapfel<\/h5>\n<h5>Titel:\u00a0 \u00a0 \u00a0 \u00a0 \u00a0 \u00a0 \u00a0 \u00a0 \u00a0 \u00a0 \u00a0 \u00a0 \u00a0 \u00a0Objekte &#8222;Balkenart&#8220;<\/h5>\n<h5>Technik:\u00a0 \u00a0 \u00a0 \u00a0 \u00a0 \u00a0 \u00a0 \u00a0 \u00a0 \u00a0 \u00d6l auf Holz<\/h5>\n<h5>Ma\u00dfe:\u00a0 \u00a0 \u00a0 \u00a0 \u00a0 \u00a0 \u00a0 \u00a0 \u00a0 \u00a0 \u00a0 \u00a0 \u00a020 x 17 cm \/ 20 x 17 cm \/ 12 x 25 cm<\/h5>\n<h5>\u00a0 \u00a0 \u00a0 \u00a0 \u00a0 \u00a0 \u00a0 \u00a0 \u00a0 \u00a0 \u00a0 \u00a0 \u00a0 \u00a0 \u00a0 \u00a0 \u00a0 \u00a0 \u00a0 41 x 20 cm \/ 15 x 15 cm \/ 25 x 20 cm<\/h5>\n<h5>Preis:\u00a0 \u00a0 \u00a0 \u00a0 \u00a0 \u00a0 \u00a0 \u00a0 \u00a0 \u00a0 \u00a0 \u00a0 \u00a0156 &#8211; 195 \u20ac pro St\u00fcck<\/h5>\n<\/div><\/div><\/div><div class=\"fusion-layout-column fusion_builder_column fusion-builder-column-5 fusion_builder_column_1_2 1_2 fusion-flex-column\" style=\"--awb-bg-size:cover;--awb-width-large:50%;--awb-margin-top-large:0px;--awb-spacing-right-large:3.84%;--awb-margin-bottom-large:20px;--awb-spacing-left-large:3.84%;--awb-width-medium:50%;--awb-order-medium:0;--awb-spacing-right-medium:3.84%;--awb-spacing-left-medium:3.84%;--awb-width-small:100%;--awb-order-small:0;--awb-spacing-right-small:1.92%;--awb-spacing-left-small:1.92%;\"><div class=\"fusion-column-wrapper fusion-column-has-shadow fusion-flex-justify-content-flex-start fusion-content-layout-column\"><div class=\"fusion-image-element \" style=\"--awb-caption-title-size:var(--h2_typography-font-size);--awb-caption-title-transform:var(--h2_typography-text-transform);--awb-caption-title-line-height:var(--h2_typography-line-height);--awb-caption-title-letter-spacing:var(--h2_typography-letter-spacing);\"><span class=\" fusion-imageframe imageframe-none imageframe-3 hover-type-none\"><img decoding=\"async\" width=\"1192\" height=\"900\" title=\"auf dem weg zu den plejaden\" src=\"https:\/\/www.diebilderwerkstatt-dsk.de\/wp-content\/uploads\/2025\/08\/auf-dem-weg-zu-den-plejaden.jpg\" alt class=\"img-responsive wp-image-1442\" srcset=\"https:\/\/www.diebilderwerkstatt-dsk.de\/wp-content\/uploads\/2025\/08\/auf-dem-weg-zu-den-plejaden-200x151.jpg 200w, https:\/\/www.diebilderwerkstatt-dsk.de\/wp-content\/uploads\/2025\/08\/auf-dem-weg-zu-den-plejaden-400x302.jpg 400w, https:\/\/www.diebilderwerkstatt-dsk.de\/wp-content\/uploads\/2025\/08\/auf-dem-weg-zu-den-plejaden-600x453.jpg 600w, https:\/\/www.diebilderwerkstatt-dsk.de\/wp-content\/uploads\/2025\/08\/auf-dem-weg-zu-den-plejaden-800x604.jpg 800w, https:\/\/www.diebilderwerkstatt-dsk.de\/wp-content\/uploads\/2025\/08\/auf-dem-weg-zu-den-plejaden.jpg 1192w\" sizes=\"(max-width: 640px) 100vw, 800px\" \/><\/span><\/div><\/div><\/div><div class=\"fusion-layout-column fusion_builder_column fusion-builder-column-6 fusion_builder_column_1_2 1_2 fusion-flex-column\" style=\"--awb-bg-size:cover;--awb-width-large:50%;--awb-margin-top-large:0px;--awb-spacing-right-large:3.84%;--awb-margin-bottom-large:20px;--awb-spacing-left-large:3.84%;--awb-width-medium:50%;--awb-order-medium:0;--awb-spacing-right-medium:3.84%;--awb-spacing-left-medium:3.84%;--awb-width-small:100%;--awb-order-small:0;--awb-spacing-right-small:1.92%;--awb-spacing-left-small:1.92%;\"><div class=\"fusion-column-wrapper fusion-column-has-shadow fusion-flex-justify-content-flex-start fusion-content-layout-column\"><div class=\"fusion-text fusion-text-4\"><p><b style=\"font-size: 20px; color: var(--awb-custom_color_1);\" data-fusion-font=\"true\">November<\/b><\/p>\n<h5>K\u00fcnstlerin:\u00a0 \u00a0 \u00a0 \u00a0 \u00a0 \u00a0 \u00a0 \u00a0Anne Nisch<\/h5>\n<h5>Titel:\u00a0 \u00a0 \u00a0 \u00a0 \u00a0 \u00a0 \u00a0 \u00a0 \u00a0 \u00a0 \u00a0 \u00a0 \u00a0 \u00a0auf der Fahrt zu den Plejaden<\/h5>\n<h5>Technik:\u00a0 \u00a0 \u00a0 \u00a0 \u00a0 \u00a0 \u00a0 \u00a0 \u00a0 \u00a0Fotocomposing, fineArt-Druck<\/h5>\n<h5>Ma\u00dfe:\u00a0 \u00a0 \u00a0 \u00a0 \u00a0 \u00a0 \u00a0 \u00a0 \u00a0 \u00a0 \u00a0 \u00a0 57 x\u00a0 76 cm (m.R)<\/h5>\n<h5>Preis:\u00a0 \u00a0 \u00a0 \u00a0 \u00a0 \u00a0 \u00a0 \u00a0 \u00a0 \u00a0 \u00a0 \u00a0 \u00a01290 \u20ac (m.R)<\/h5>\n<\/div><\/div><\/div><div class=\"fusion-layout-column fusion_builder_column fusion-builder-column-7 fusion_builder_column_1_2 1_2 fusion-flex-column\" style=\"--awb-bg-size:cover;--awb-width-large:50%;--awb-margin-top-large:0px;--awb-spacing-right-large:3.84%;--awb-margin-bottom-large:20px;--awb-spacing-left-large:3.84%;--awb-width-medium:50%;--awb-order-medium:0;--awb-spacing-right-medium:3.84%;--awb-spacing-left-medium:3.84%;--awb-width-small:100%;--awb-order-small:0;--awb-spacing-right-small:1.92%;--awb-spacing-left-small:1.92%;\"><div class=\"fusion-column-wrapper fusion-column-has-shadow fusion-flex-justify-content-flex-start fusion-content-layout-column\"><div class=\"fusion-image-element \" style=\"--awb-caption-title-size:var(--h2_typography-font-size);--awb-caption-title-transform:var(--h2_typography-text-transform);--awb-caption-title-line-height:var(--h2_typography-line-height);--awb-caption-title-letter-spacing:var(--h2_typography-letter-spacing);\"><span class=\" fusion-imageframe imageframe-none imageframe-4 hover-type-none\"><img decoding=\"async\" width=\"679\" height=\"900\" title=\"101320250400801\" src=\"https:\/\/www.diebilderwerkstatt-dsk.de\/wp-content\/uploads\/2025\/10\/101320250400801.jpg\" alt class=\"img-responsive wp-image-1451\" srcset=\"https:\/\/www.diebilderwerkstatt-dsk.de\/wp-content\/uploads\/2025\/10\/101320250400801-200x265.jpg 200w, https:\/\/www.diebilderwerkstatt-dsk.de\/wp-content\/uploads\/2025\/10\/101320250400801-400x530.jpg 400w, https:\/\/www.diebilderwerkstatt-dsk.de\/wp-content\/uploads\/2025\/10\/101320250400801-600x795.jpg 600w, https:\/\/www.diebilderwerkstatt-dsk.de\/wp-content\/uploads\/2025\/10\/101320250400801.jpg 679w\" sizes=\"(max-width: 640px) 100vw, 679px\" \/><\/span><\/div><\/div><\/div><div class=\"fusion-layout-column fusion_builder_column fusion-builder-column-8 fusion_builder_column_1_2 1_2 fusion-flex-column\" style=\"--awb-bg-size:cover;--awb-width-large:50%;--awb-margin-top-large:0px;--awb-spacing-right-large:3.84%;--awb-margin-bottom-large:20px;--awb-spacing-left-large:3.84%;--awb-width-medium:50%;--awb-order-medium:0;--awb-spacing-right-medium:3.84%;--awb-spacing-left-medium:3.84%;--awb-width-small:100%;--awb-order-small:0;--awb-spacing-right-small:1.92%;--awb-spacing-left-small:1.92%;\"><div class=\"fusion-column-wrapper fusion-column-has-shadow fusion-flex-justify-content-flex-start fusion-content-layout-column\"><div class=\"fusion-text fusion-text-5\"><p><b style=\"font-size: 20px; color: var(--awb-custom_color_1);\" data-fusion-font=\"true\">Oktober<\/b><\/p>\n<h5>K\u00fcnstlerin:\u00a0 \u00a0 \u00a0 \u00a0 \u00a0 \u00a0 \u00a0 \u00a0 Ulrike Holzapfel<\/h5>\n<h5>Titel:\u00a0 \u00a0 \u00a0 \u00a0 \u00a0 \u00a0 \u00a0 \u00a0 \u00a0 \u00a0 \u00a0 \u00a0 \u00a0 \u00a0 gefangene Bl\u00fcten (Frauen) in Afganistan<\/h5>\n<h5>Technik:\u00a0 \u00a0 \u00a0 \u00a0 \u00a0 \u00a0 \u00a0 \u00a0 \u00a0 \u00a0 \u00d6l auf Papier<\/h5>\n<h5>Ma\u00dfe:\u00a0 \u00a0 \u00a0 \u00a0 \u00a0 \u00a0 \u00a0 \u00a0 \u00a0 \u00a0 \u00a0 \u00a0 \u00a061 x 81 cm (m.R)<\/h5>\n<h5>Preis:\u00a0 \u00a0 \u00a0 \u00a0 \u00a0 \u00a0 \u00a0 \u00a0 \u00a0 \u00a0 \u00a0 \u00a0 \u00a0 715 \u20ac (m.R)<\/h5>\n<\/div><\/div><\/div><div class=\"fusion-layout-column fusion_builder_column fusion-builder-column-9 fusion_builder_column_1_2 1_2 fusion-flex-column\" style=\"--awb-bg-size:cover;--awb-width-large:50%;--awb-margin-top-large:0px;--awb-spacing-right-large:3.84%;--awb-margin-bottom-large:20px;--awb-spacing-left-large:3.84%;--awb-width-medium:50%;--awb-order-medium:0;--awb-spacing-right-medium:3.84%;--awb-spacing-left-medium:3.84%;--awb-width-small:100%;--awb-order-small:0;--awb-spacing-right-small:1.92%;--awb-spacing-left-small:1.92%;\"><div class=\"fusion-column-wrapper fusion-column-has-shadow fusion-flex-justify-content-flex-start fusion-content-layout-column\"><div class=\"fusion-image-element \" style=\"--awb-caption-title-size:var(--h2_typography-font-size);--awb-caption-title-transform:var(--h2_typography-text-transform);--awb-caption-title-line-height:var(--h2_typography-line-height);--awb-caption-title-letter-spacing:var(--h2_typography-letter-spacing);\"><span class=\" fusion-imageframe imageframe-none imageframe-5 hover-type-none\"><img decoding=\"async\" width=\"2560\" height=\"1468\" title=\"Venedig\" src=\"https:\/\/www.diebilderwerkstatt-dsk.de\/wp-content\/uploads\/2025\/08\/Venedig-scaled.jpg\" alt class=\"img-responsive wp-image-1437\" srcset=\"https:\/\/www.diebilderwerkstatt-dsk.de\/wp-content\/uploads\/2025\/08\/Venedig-200x115.jpg 200w, https:\/\/www.diebilderwerkstatt-dsk.de\/wp-content\/uploads\/2025\/08\/Venedig-400x229.jpg 400w, https:\/\/www.diebilderwerkstatt-dsk.de\/wp-content\/uploads\/2025\/08\/Venedig-600x344.jpg 600w, https:\/\/www.diebilderwerkstatt-dsk.de\/wp-content\/uploads\/2025\/08\/Venedig-800x459.jpg 800w, https:\/\/www.diebilderwerkstatt-dsk.de\/wp-content\/uploads\/2025\/08\/Venedig-1200x688.jpg 1200w, https:\/\/www.diebilderwerkstatt-dsk.de\/wp-content\/uploads\/2025\/08\/Venedig-scaled.jpg 2560w\" sizes=\"(max-width: 640px) 100vw, 800px\" \/><\/span><\/div><\/div><\/div><div class=\"fusion-layout-column fusion_builder_column fusion-builder-column-10 fusion_builder_column_1_2 1_2 fusion-flex-column\" style=\"--awb-bg-size:cover;--awb-width-large:50%;--awb-margin-top-large:0px;--awb-spacing-right-large:3.84%;--awb-margin-bottom-large:20px;--awb-spacing-left-large:3.84%;--awb-width-medium:50%;--awb-order-medium:0;--awb-spacing-right-medium:3.84%;--awb-spacing-left-medium:3.84%;--awb-width-small:100%;--awb-order-small:0;--awb-spacing-right-small:1.92%;--awb-spacing-left-small:1.92%;\"><div class=\"fusion-column-wrapper fusion-column-has-shadow fusion-flex-justify-content-flex-start fusion-content-layout-column\"><div class=\"fusion-text fusion-text-6\"><p><b style=\"font-size: 20px; color: var(--awb-custom_color_1);\" data-fusion-font=\"true\">September<\/b><\/p>\n<h5>K\u00fcnstlerin:\u00a0 \u00a0 \u00a0 \u00a0 \u00a0 \u00a0 \u00a0 \u00a0 Anne Nisch<\/h5>\n<h5>Titel:\u00a0 \u00a0 \u00a0 \u00a0 \u00a0 \u00a0 \u00a0 \u00a0 \u00a0 \u00a0 \u00a0 \u00a0 \u00a0 \u00a0\u201eVenedig&#8220;, 2025<\/h5>\n<h5>Technik:\u00a0 \u00a0 \u00a0 \u00a0 \u00a0 \u00a0 \u00a0 \u00a0 \u00a0 \u00a0Fotocomposing fineArt-Druck<\/h5>\n<h5>Ma\u00dfe:\u00a0 \u00a0 \u00a0 \u00a0 \u00a0 \u00a0 \u00a0 \u00a0 \u00a0 \u00a0 \u00a0 \u00a0 51 x 87 cm (m.R)<\/h5>\n<h5>Preis:\u00a0 \u00a0 \u00a0 \u00a0 \u00a0 \u00a0 \u00a0 \u00a0 \u00a0 \u00a0 \u00a0 \u00a0 \u00a01 100 \u20ac (m.R)<\/h5>\n<p>\u201e(\u2026) du willst mit deinen Bildern eine neue Realit\u00e4t schaffen. Und auch ganz klar sagen: das, was du hier siehst, gibt\u00b4s nicht. Und trotzdem gibt\u00b4s das. Denn wer Venedig in seinen hinteren Ecken kennt, wei\u00df, dass diese Mischung aus Morbidit\u00e4t, aus Geschichte, aus Stolz, aus Baukunst, aus stinkendem Wasser (\u2026) verdient eingefangen zu werden. (\u2026) und als ich dieses Bild zum ersten Mal sah und sofort in Venedig war, hatte ich das Gef\u00fchl: das riecht genau wie Venedig.\u201c<\/p>\n<p><em>Prof. Dr. Christoph Fasel, einf\u00fchrende Rede zur Vernissage am 6. Juli 2025<\/em><\/p>\n<\/div><\/div><\/div><div class=\"fusion-layout-column fusion_builder_column fusion-builder-column-11 fusion_builder_column_1_2 1_2 fusion-flex-column\" style=\"--awb-bg-size:cover;--awb-width-large:50%;--awb-margin-top-large:0px;--awb-spacing-right-large:3.84%;--awb-margin-bottom-large:20px;--awb-spacing-left-large:3.84%;--awb-width-medium:50%;--awb-order-medium:0;--awb-spacing-right-medium:3.84%;--awb-spacing-left-medium:3.84%;--awb-width-small:100%;--awb-order-small:0;--awb-spacing-right-small:1.92%;--awb-spacing-left-small:1.92%;\"><div class=\"fusion-column-wrapper fusion-column-has-shadow fusion-flex-justify-content-flex-start fusion-content-layout-column\"><div class=\"fusion-image-element \" style=\"--awb-caption-title-size:var(--h2_typography-font-size);--awb-caption-title-transform:var(--h2_typography-text-transform);--awb-caption-title-line-height:var(--h2_typography-line-height);--awb-caption-title-letter-spacing:var(--h2_typography-letter-spacing);\"><span class=\" fusion-imageframe imageframe-none imageframe-6 hover-type-none\"><img decoding=\"async\" width=\"679\" height=\"900\" title=\"101320250400901\" src=\"https:\/\/www.diebilderwerkstatt-dsk.de\/wp-content\/uploads\/2025\/07\/101320250400901.jpg\" alt class=\"img-responsive wp-image-1236\" srcset=\"https:\/\/www.diebilderwerkstatt-dsk.de\/wp-content\/uploads\/2025\/07\/101320250400901-200x265.jpg 200w, https:\/\/www.diebilderwerkstatt-dsk.de\/wp-content\/uploads\/2025\/07\/101320250400901-400x530.jpg 400w, https:\/\/www.diebilderwerkstatt-dsk.de\/wp-content\/uploads\/2025\/07\/101320250400901-600x795.jpg 600w, https:\/\/www.diebilderwerkstatt-dsk.de\/wp-content\/uploads\/2025\/07\/101320250400901.jpg 679w\" sizes=\"(max-width: 640px) 100vw, 679px\" \/><\/span><\/div><\/div><\/div><div class=\"fusion-layout-column fusion_builder_column fusion-builder-column-12 fusion_builder_column_1_2 1_2 fusion-flex-column\" style=\"--awb-bg-size:cover;--awb-width-large:50%;--awb-margin-top-large:0px;--awb-spacing-right-large:3.84%;--awb-margin-bottom-large:20px;--awb-spacing-left-large:3.84%;--awb-width-medium:50%;--awb-order-medium:0;--awb-spacing-right-medium:3.84%;--awb-spacing-left-medium:3.84%;--awb-width-small:100%;--awb-order-small:0;--awb-spacing-right-small:1.92%;--awb-spacing-left-small:1.92%;\"><div class=\"fusion-column-wrapper fusion-column-has-shadow fusion-flex-justify-content-flex-start fusion-content-layout-column\"><div class=\"fusion-text fusion-text-7\"><p><b style=\"font-size: 20px; color: var(--awb-custom_color_1);\" data-fusion-font=\"true\">Juli \/ August<\/b><\/p>\n<h5>K\u00fcnstlerin:\u00a0 \u00a0 \u00a0 \u00a0 \u00a0 \u00a0 \u00a0 \u00a0 Ukrike Holzapfel<\/h5>\n<h5>Titel:\u00a0 \u00a0 \u00a0 \u00a0 \u00a0 \u00a0 \u00a0 \u00a0 \u00a0 \u00a0 \u00a0 \u00a0 \u00a0 \u00a0\u201eRhythm is it&#8220;<\/h5>\n<h5>Technik:\u00a0 \u00a0 \u00a0 \u00a0 \u00a0 \u00a0 \u00a0 \u00a0 \u00a0 \u00a0Malerei<\/h5>\n<h5>Ma\u00dfe:\u00a0 \u00a0 \u00a0 \u00a0 \u00a0 \u00a0 \u00a0 \u00a0 \u00a0 \u00a0 \u00a0 \u00a0 61 x 81 cm (o.R)<\/h5>\n<h5>Preis:\u00a0 \u00a0 \u00a0 \u00a0 \u00a0 \u00a0 \u00a0 \u00a0 \u00a0 \u00a0 \u00a0 \u00a0 \u00a0715 \u20ac<\/h5>\n<\/div><\/div><\/div><div class=\"fusion-layout-column fusion_builder_column fusion-builder-column-13 fusion_builder_column_1_2 1_2 fusion-flex-column\" style=\"--awb-bg-size:cover;--awb-width-large:50%;--awb-margin-top-large:0px;--awb-spacing-right-large:3.84%;--awb-margin-bottom-large:20px;--awb-spacing-left-large:3.84%;--awb-width-medium:50%;--awb-order-medium:0;--awb-spacing-right-medium:3.84%;--awb-spacing-left-medium:3.84%;--awb-width-small:100%;--awb-order-small:0;--awb-spacing-right-small:1.92%;--awb-spacing-left-small:1.92%;\"><div class=\"fusion-column-wrapper fusion-column-has-shadow fusion-flex-justify-content-flex-start fusion-content-layout-column\"><div class=\"fusion-image-element \" style=\"--awb-caption-title-size:var(--h2_typography-font-size);--awb-caption-title-transform:var(--h2_typography-text-transform);--awb-caption-title-line-height:var(--h2_typography-line-height);--awb-caption-title-letter-spacing:var(--h2_typography-letter-spacing);\"><span class=\" fusion-imageframe imageframe-none imageframe-7 hover-type-none\"><img decoding=\"async\" width=\"1523\" height=\"900\" title=\"forever young\" src=\"https:\/\/www.diebilderwerkstatt-dsk.de\/wp-content\/uploads\/2025\/08\/forever-young.jpg\" alt class=\"img-responsive wp-image-1444\" srcset=\"https:\/\/www.diebilderwerkstatt-dsk.de\/wp-content\/uploads\/2025\/08\/forever-young-200x118.jpg 200w, https:\/\/www.diebilderwerkstatt-dsk.de\/wp-content\/uploads\/2025\/08\/forever-young-400x236.jpg 400w, https:\/\/www.diebilderwerkstatt-dsk.de\/wp-content\/uploads\/2025\/08\/forever-young-600x355.jpg 600w, https:\/\/www.diebilderwerkstatt-dsk.de\/wp-content\/uploads\/2025\/08\/forever-young-800x473.jpg 800w, https:\/\/www.diebilderwerkstatt-dsk.de\/wp-content\/uploads\/2025\/08\/forever-young-1200x709.jpg 1200w, https:\/\/www.diebilderwerkstatt-dsk.de\/wp-content\/uploads\/2025\/08\/forever-young.jpg 1523w\" sizes=\"(max-width: 640px) 100vw, 800px\" \/><\/span><\/div><\/div><\/div><div class=\"fusion-layout-column fusion_builder_column fusion-builder-column-14 fusion_builder_column_1_2 1_2 fusion-flex-column\" style=\"--awb-bg-size:cover;--awb-width-large:50%;--awb-margin-top-large:0px;--awb-spacing-right-large:3.84%;--awb-margin-bottom-large:20px;--awb-spacing-left-large:3.84%;--awb-width-medium:50%;--awb-order-medium:0;--awb-spacing-right-medium:3.84%;--awb-spacing-left-medium:3.84%;--awb-width-small:100%;--awb-order-small:0;--awb-spacing-right-small:1.92%;--awb-spacing-left-small:1.92%;\"><div class=\"fusion-column-wrapper fusion-column-has-shadow fusion-flex-justify-content-flex-start fusion-content-layout-column\"><div class=\"fusion-text fusion-text-8\"><h5><\/h5>\n<h5><b style=\"font-size: 20px; color: var(--awb-custom_color_1);\" data-fusion-font=\"true\">Juli \/ August<\/b><\/h5>\n<h5>K\u00fcnstlerin:\u00a0 \u00a0 \u00a0 \u00a0 \u00a0 \u00a0 \u00a0 \u00a0Anne Nisch<\/h5>\n<h5>Titel:\u00a0 \u00a0 \u00a0 \u00a0 \u00a0 \u00a0 \u00a0 \u00a0 \u00a0 \u00a0 \u00a0 \u00a0 \u00a0 \u201eforever young&#8220;<\/h5>\n<h5>Technik:\u00a0 \u00a0 \u00a0 \u00a0 \u00a0 \u00a0 \u00a0 \u00a0 \u00a0 \u00a0Fotocomposing fineArt-Druck<\/h5>\n<h5>Ma\u00dfe:\u00a0 \u00a0 \u00a0 \u00a0 \u00a0 \u00a0 \u00a0 \u00a0 \u00a0 \u00a0 \u00a0 \u00a0 34 x 72 cm (m.R)<\/h5>\n<h5>Preis:\u00a0 \u00a0 \u00a0 \u00a0 \u00a0 \u00a0 \u00a0 \u00a0 \u00a0 \u00a0 \u00a0 \u00a0 \u00a0520 \u20ac<\/h5>\n<\/div><\/div><\/div><div class=\"fusion-layout-column fusion_builder_column fusion-builder-column-15 fusion_builder_column_1_2 1_2 fusion-flex-column\" style=\"--awb-bg-size:cover;--awb-width-large:50%;--awb-margin-top-large:0px;--awb-spacing-right-large:3.84%;--awb-margin-bottom-large:20px;--awb-spacing-left-large:3.84%;--awb-width-medium:50%;--awb-order-medium:0;--awb-spacing-right-medium:3.84%;--awb-spacing-left-medium:3.84%;--awb-width-small:100%;--awb-order-small:0;--awb-spacing-right-small:1.92%;--awb-spacing-left-small:1.92%;\"><div class=\"fusion-column-wrapper fusion-column-has-shadow fusion-flex-justify-content-flex-start fusion-content-layout-column\"><div class=\"fusion-image-element \" style=\"--awb-caption-title-size:var(--h2_typography-font-size);--awb-caption-title-transform:var(--h2_typography-text-transform);--awb-caption-title-line-height:var(--h2_typography-line-height);--awb-caption-title-letter-spacing:var(--h2_typography-letter-spacing);\"><span class=\" fusion-imageframe imageframe-none imageframe-8 hover-type-none\"><img decoding=\"async\" width=\"758\" height=\"900\" title=\"101320250400061\" src=\"https:\/\/www.diebilderwerkstatt-dsk.de\/wp-content\/uploads\/2025\/04\/101320250400061.jpg\" alt class=\"img-responsive wp-image-1194\" srcset=\"https:\/\/www.diebilderwerkstatt-dsk.de\/wp-content\/uploads\/2025\/04\/101320250400061-200x237.jpg 200w, https:\/\/www.diebilderwerkstatt-dsk.de\/wp-content\/uploads\/2025\/04\/101320250400061-400x475.jpg 400w, https:\/\/www.diebilderwerkstatt-dsk.de\/wp-content\/uploads\/2025\/04\/101320250400061-600x712.jpg 600w, https:\/\/www.diebilderwerkstatt-dsk.de\/wp-content\/uploads\/2025\/04\/101320250400061.jpg 758w\" sizes=\"(max-width: 640px) 100vw, 758px\" \/><\/span><\/div><\/div><\/div><div class=\"fusion-layout-column fusion_builder_column fusion-builder-column-16 fusion_builder_column_1_2 1_2 fusion-flex-column\" style=\"--awb-bg-size:cover;--awb-width-large:50%;--awb-margin-top-large:0px;--awb-spacing-right-large:3.84%;--awb-margin-bottom-large:20px;--awb-spacing-left-large:3.84%;--awb-width-medium:50%;--awb-order-medium:0;--awb-spacing-right-medium:3.84%;--awb-spacing-left-medium:3.84%;--awb-width-small:100%;--awb-order-small:0;--awb-spacing-right-small:1.92%;--awb-spacing-left-small:1.92%;\"><div class=\"fusion-column-wrapper fusion-column-has-shadow fusion-flex-justify-content-flex-start fusion-content-layout-column\"><div class=\"fusion-text fusion-text-9\"><p><b style=\"font-size: 20px; color: var(--awb-custom_color_1);\" data-fusion-font=\"true\">Mai<\/b><\/p>\n<h5>K\u00fcnstler:\u00a0 \u00a0 \u00a0 \u00a0 \u00a0 \u00a0Christoph Rosenhagen<\/h5>\n<h5>\u00a0 \u00a0 \u00a0 \u00a0 \u00a0 \u00a0 \u00a0 \u00a0 \u00a0 \u00a0 \u00a0 \u00a0 \u00a0 \u00a0 \u00a0Titel: \u201eZeit &#8211; Raum &#8211; Wirklichkeit &#8222;<\/h5>\n<h5>Technik:\u00a0 \u00a0 \u00a0 \u00a0 \u00a0 \u00a0 \u00a0Foto<\/h5>\n<h5>Ma\u00dfe:\u00a0 \u00a0 \u00a0 \u00a0 \u00a0 \u00a0 \u00a0 \u00a0 \u00a063 x 70 cm<\/h5>\n<h5>Preis:\u00a0 \u00a0 \u00a0 \u00a0 \u00a0 \u00a0 \u00a0 \u00a0 \u00a0 390 \u20ac<\/h5>\n<p>(Echtsilber Rahmen | Museumsglas | staubdichte Einrahmung)<\/p>\n<p>Aufgenommen wurde das Bild im Jahr 2011 im Deutschen Uhrenmuseum Glash\u00fctte.<\/p>\n<p>Der Blick wird \u00fcber die Deckenlampe durch den Raum hinuter auf die Wendeltreppe gef\u00fchrt.<\/p>\n<p>Anl\u00e4\u00dflich des Monatsbildes Mai sind weitere fazinierende Treppenbilder im Ausstellungsraum in der Falltorstra\u00dfe 15 zu sehen.<\/p>\n<p>Ebenso sind von allen Moitiven in der Bilderwerkstatt Foto &#8211; Doppelkarten erh\u00e4ltlich.<\/p>\n<\/div><\/div><\/div><div class=\"fusion-layout-column fusion_builder_column fusion-builder-column-17 fusion_builder_column_1_2 1_2 fusion-flex-column\" style=\"--awb-bg-size:cover;--awb-width-large:50%;--awb-margin-top-large:0px;--awb-spacing-right-large:3.84%;--awb-margin-bottom-large:20px;--awb-spacing-left-large:3.84%;--awb-width-medium:50%;--awb-order-medium:0;--awb-spacing-right-medium:3.84%;--awb-spacing-left-medium:3.84%;--awb-width-small:100%;--awb-order-small:0;--awb-spacing-right-small:1.92%;--awb-spacing-left-small:1.92%;\"><div class=\"fusion-column-wrapper fusion-column-has-shadow fusion-flex-justify-content-flex-start fusion-content-layout-column\"><div class=\"fusion-image-element \" style=\"--awb-caption-title-size:var(--h2_typography-font-size);--awb-caption-title-transform:var(--h2_typography-text-transform);--awb-caption-title-line-height:var(--h2_typography-line-height);--awb-caption-title-letter-spacing:var(--h2_typography-letter-spacing);\"><span class=\" fusion-imageframe imageframe-none imageframe-9 hover-type-none\"><img decoding=\"async\" width=\"887\" height=\"900\" title=\"101320250400411\" src=\"https:\/\/www.diebilderwerkstatt-dsk.de\/wp-content\/uploads\/2025\/04\/101320250400411.jpg\" alt class=\"img-responsive wp-image-1181\" srcset=\"https:\/\/www.diebilderwerkstatt-dsk.de\/wp-content\/uploads\/2025\/04\/101320250400411-200x203.jpg 200w, https:\/\/www.diebilderwerkstatt-dsk.de\/wp-content\/uploads\/2025\/04\/101320250400411-400x406.jpg 400w, https:\/\/www.diebilderwerkstatt-dsk.de\/wp-content\/uploads\/2025\/04\/101320250400411-600x609.jpg 600w, https:\/\/www.diebilderwerkstatt-dsk.de\/wp-content\/uploads\/2025\/04\/101320250400411-800x812.jpg 800w, https:\/\/www.diebilderwerkstatt-dsk.de\/wp-content\/uploads\/2025\/04\/101320250400411.jpg 887w\" sizes=\"(max-width: 640px) 100vw, 800px\" \/><\/span><\/div><\/div><\/div><div class=\"fusion-layout-column fusion_builder_column fusion-builder-column-18 fusion_builder_column_1_2 1_2 fusion-flex-column\" style=\"--awb-bg-size:cover;--awb-width-large:50%;--awb-margin-top-large:0px;--awb-spacing-right-large:3.84%;--awb-margin-bottom-large:20px;--awb-spacing-left-large:3.84%;--awb-width-medium:50%;--awb-order-medium:0;--awb-spacing-right-medium:3.84%;--awb-spacing-left-medium:3.84%;--awb-width-small:100%;--awb-order-small:0;--awb-spacing-right-small:1.92%;--awb-spacing-left-small:1.92%;\"><div class=\"fusion-column-wrapper fusion-column-has-shadow fusion-flex-justify-content-flex-start fusion-content-layout-column\"><div class=\"fusion-text fusion-text-10\"><p><b style=\"font-size: 20px; color: var(--awb-custom_color_1);\" data-fusion-font=\"true\">April<\/b><\/p>\n<h5>K\u00fcnstlerin:\u00a0 \u00a0 \u00a0 \u00a0 \u00a0 \u00a0 \u00a0 \u00a0 \u00a0 \u00a0 \u00a0 \u00a0 \u00a0 \u00a0 Ulla Althans<\/h5>\n<h5>Titel:\u00a0 \u00a0 \u00a0 \u00a0 \u00a0 \u00a0 \u00a0 \u00a0 \u00a0 \u00a0 \u00a0 \u00a0 \u00a0 \u00a0 \u00a0 \u00a0 \u00a0 \u00a0 \u00a0 \u00a0 \u201e Fliehende Dame&#8220;<\/h5>\n<h5>Technik:\u00a0 \u00a0 \u00a0 \u00a0 \u00a0 \u00a0 \u00a0 \u00a0 \u00a0 \u00a0 \u00a0 \u00a0 \u00a0 \u00a0 \u00a0 \u00a0 \u00a0Mixed-Media<\/h5>\n<h5>Ma\u00dfe:\u00a0 \u00a0 \u00a0 \u00a0 \u00a0 \u00a0 \u00a0 \u00a0 \u00a0 \u00a0 \u00a0 \u00a0 \u00a0 \u00a0 \u00a0 \u00a0 \u00a0 \u00a0 \u00a0 \u00a050 x 50 cm<\/h5>\n<h5>Preis:\u00a0 \u00a0 \u00a0 \u00a0 \u00a0 \u00a0 \u00a0 \u00a0 \u00a0 \u00a0 \u00a0 \u00a0 \u00a0 \u00a0 \u00a0 \u00a0 \u00a0 \u00a0 \u00a0 \u00a0250 \u20ac<\/h5>\n<p>Entstanden ist das Bild auf der gr\u00fcnen Wiese unseres Grundst\u00fcck am Bach.<\/p>\n<p>Davon inspiriert sind die Grundfarben gr\u00fcn und blau.<\/p>\n<p>Das Blau flie\u00dft in verschiedene Richtungen, ergaben statt Fl\u00fcsse die Arme und Beine einer Dame, die im roten Zentrum entstand.<\/p>\n<p>Wovor flieht sie? Wohin flieht sie ? Offene Fragen an die Betrachter\/innen.<\/p>\n<p>Mich kreativ malerisch auszudr\u00fccken ist seit langer Zeit meine Leidenschaft und Kraftquelle. Innere Impulse und die Natur sind meine Inspiration, oft ist der Weg das Ziel. Denn im Schaffensprozess in einen Flow von Selbstvergessenheit zu gelangen empfinde ich als zutiefst erf\u00fcllend und begl\u00fcckend, besonders wenn das Bild meine Stimmung oder den Antrieb dazu gut wiedergibt. Immer wieder lasse ich mich vom Prozess \u00fcberraschen.<\/p>\n<p>Aber auch ein gew\u00e4hltes Thema lockt meine Kreativit\u00e4t und fordert mich heraus, um einen geeigneten malerischen Ausdruck zu schaffen.<\/p>\n<p>In der abstrakten Malerei f\u00fchle ich mich zuhause, hier finde ich die Freiheit mich auszudr\u00fccken, auszuprobieren und zu kombinieren.<\/p>\n<p>Naturszenen, Landschaft, das Element Wasser reizen mich ebenso. Kr\u00e4ftige intensiv leuchtende Farben locken mich sehr, manchmal reichen mir zwei kr\u00e4ftige Farben; ich spiele mit deren Begegnung und ihrer Wechselwirkung.<\/p>\n<p>Lange Zeit verwendete ich vorwiegend Acrylfarbe in Kombination mit Mixed Media.<\/p>\n<p>Vor ein paar Jahren fand ich zur faszinierenden Kunst des Wachsmalens, der Enkaustik. Hei\u00dfes Wachs, auch farbig pigmentiert, wird Schicht f\u00fcr Schicht auf eine Holzplatte aufgetragen. Jede Schicht wird durch die Hitze eines Bunsenbrenners oder Heissluftf\u00f6ns \u201eeingebrannt\u201c, bzw. die Schichten miteinander verbunden. Die entstehende Tiefenwirkung und \u00dcberraschungseffekte begeistern mich bei jedem Bild. Zus\u00e4tzliche Schichten von Schellack lassen interessante Formationen auf der Wachsgrundlage entstehen und bereichern den Ausdruck.<\/p>\n<p>Es freut mich sehr, wenn meine Bilder neugierig machen und die Phantasie der Betrachter\/in anregen.<\/p>\n<\/div><\/div><\/div><div class=\"fusion-layout-column fusion_builder_column fusion-builder-column-19 fusion_builder_column_1_4 1_4 fusion-flex-column\" style=\"--awb-bg-size:cover;--awb-width-large:25%;--awb-margin-top-large:0px;--awb-spacing-right-large:7.68%;--awb-margin-bottom-large:20px;--awb-spacing-left-large:7.68%;--awb-width-medium:25%;--awb-order-medium:0;--awb-spacing-right-medium:7.68%;--awb-spacing-left-medium:7.68%;--awb-width-small:100%;--awb-order-small:0;--awb-spacing-right-small:1.92%;--awb-spacing-left-small:1.92%;\"><div class=\"fusion-column-wrapper fusion-column-has-shadow fusion-flex-justify-content-flex-start fusion-content-layout-column\"><div class=\"fusion-image-element \" style=\"--awb-caption-title-size:var(--h2_typography-font-size);--awb-caption-title-transform:var(--h2_typography-text-transform);--awb-caption-title-line-height:var(--h2_typography-line-height);--awb-caption-title-letter-spacing:var(--h2_typography-letter-spacing);\"><span class=\" fusion-imageframe imageframe-none imageframe-10 hover-type-none\"><img decoding=\"async\" width=\"759\" height=\"900\" title=\"101320250200221\" src=\"https:\/\/www.diebilderwerkstatt-dsk.de\/wp-content\/uploads\/2025\/02\/101320250200221.jpg\" alt class=\"img-responsive wp-image-1161\" srcset=\"https:\/\/www.diebilderwerkstatt-dsk.de\/wp-content\/uploads\/2025\/02\/101320250200221-200x237.jpg 200w, https:\/\/www.diebilderwerkstatt-dsk.de\/wp-content\/uploads\/2025\/02\/101320250200221-400x474.jpg 400w, https:\/\/www.diebilderwerkstatt-dsk.de\/wp-content\/uploads\/2025\/02\/101320250200221-600x711.jpg 600w, https:\/\/www.diebilderwerkstatt-dsk.de\/wp-content\/uploads\/2025\/02\/101320250200221.jpg 759w\" sizes=\"(max-width: 640px) 100vw, 400px\" \/><\/span><\/div><\/div><\/div><div class=\"fusion-layout-column fusion_builder_column fusion-builder-column-20 fusion_builder_column_1_4 1_4 fusion-flex-column\" style=\"--awb-bg-size:cover;--awb-width-large:25%;--awb-margin-top-large:0px;--awb-spacing-right-large:7.68%;--awb-margin-bottom-large:20px;--awb-spacing-left-large:7.68%;--awb-width-medium:25%;--awb-order-medium:0;--awb-spacing-right-medium:7.68%;--awb-spacing-left-medium:7.68%;--awb-width-small:100%;--awb-order-small:0;--awb-spacing-right-small:1.92%;--awb-spacing-left-small:1.92%;\"><div class=\"fusion-column-wrapper fusion-column-has-shadow fusion-flex-justify-content-flex-start fusion-content-layout-column\"><div class=\"fusion-image-element \" style=\"--awb-caption-title-size:var(--h2_typography-font-size);--awb-caption-title-transform:var(--h2_typography-text-transform);--awb-caption-title-line-height:var(--h2_typography-line-height);--awb-caption-title-letter-spacing:var(--h2_typography-letter-spacing);\"><span class=\" fusion-imageframe imageframe-none imageframe-11 hover-type-none\"><img decoding=\"async\" width=\"763\" height=\"900\" title=\"101320250200241\" src=\"https:\/\/www.diebilderwerkstatt-dsk.de\/wp-content\/uploads\/2025\/02\/101320250200241.jpg\" alt class=\"img-responsive wp-image-1163\" srcset=\"https:\/\/www.diebilderwerkstatt-dsk.de\/wp-content\/uploads\/2025\/02\/101320250200241-200x236.jpg 200w, https:\/\/www.diebilderwerkstatt-dsk.de\/wp-content\/uploads\/2025\/02\/101320250200241-400x472.jpg 400w, https:\/\/www.diebilderwerkstatt-dsk.de\/wp-content\/uploads\/2025\/02\/101320250200241-600x708.jpg 600w, https:\/\/www.diebilderwerkstatt-dsk.de\/wp-content\/uploads\/2025\/02\/101320250200241.jpg 763w\" sizes=\"(max-width: 640px) 100vw, 400px\" \/><\/span><\/div><\/div><\/div><div class=\"fusion-layout-column fusion_builder_column fusion-builder-column-21 fusion_builder_column_1_2 1_2 fusion-flex-column\" style=\"--awb-bg-size:cover;--awb-width-large:50%;--awb-margin-top-large:0px;--awb-spacing-right-large:3.84%;--awb-margin-bottom-large:20px;--awb-spacing-left-large:3.84%;--awb-width-medium:50%;--awb-order-medium:0;--awb-spacing-right-medium:3.84%;--awb-spacing-left-medium:3.84%;--awb-width-small:100%;--awb-order-small:0;--awb-spacing-right-small:1.92%;--awb-spacing-left-small:1.92%;\"><div class=\"fusion-column-wrapper fusion-column-has-shadow fusion-flex-justify-content-flex-start fusion-content-layout-column\"><div class=\"fusion-text fusion-text-11\"><p><b style=\"font-size: 20px; color: var(--awb-custom_color_1);\" data-fusion-font=\"true\">Februar &amp; M\u00e4rz<\/b><\/p>\n<h5>K\u00fcnstler:\u00a0 \u00a0 \u00a0 \u00a0 \u00a0 \u00a0 \u00a0 \u00a0 \u00a0 \u00a0 \u00a0 \u00a0 \u00a0 \u00a0 \u00a0 \u00a0 \u00a0 Wolfgang Klink<\/h5>\n<h5>Titel:\u00a0 \u00a0 \u00a0 \u00a0 \u00a0 \u00a0 \u00a0 \u00a0 \u00a0 \u00a0 \u00a0 \u00a0 \u00a0 \u00a0 \u00a0 \u00a0 \u00a0 \u00a0 \u00a0 \u00a0 \u201e o.T. &#8222;<\/h5>\n<h5>Technik:\u00a0 \u00a0 \u00a0 \u00a0 \u00a0 \u00a0 \u00a0 \u00a0 \u00a0 \u00a0 \u00a0 \u00a0 \u00a0 \u00a0 \u00a0 \u00a0 \u00a0Mixed media a. Karton<\/h5>\n<h5>Preis:\u00a0 \u00a0 \u00a0 \u00a0 \u00a0 \u00a0 \u00a0 \u00a0 \u00a0 \u00a0 \u00a0 \u00a0 \u00a0 \u00a0 \u00a0 \u00a0 \u00a0 \u00a0 \u00a0 \u00a0Solo, o.R.: 290 \u20ac<\/h5>\n<h5>\u00a0 \u00a0 \u00a0 \u00a0 \u00a0 \u00a0 \u00a0 \u00a0 \u00a0 \u00a0 \u00a0 \u00a0 \u00a0 \u00a0 \u00a0 \u00a0 \u00a0 \u00a0 \u00a0 \u00a0 \u00a0 \u00a0 \u00a0 \u00a0 \u00a0 \u00a0Solo, m.R.: 360 \u20ac<\/h5>\n<h5>\u00a0 \u00a0 \u00a0 \u00a0 \u00a0 \u00a0 \u00a0 \u00a0 \u00a0 \u00a0 \u00a0 \u00a0 \u00a0 \u00a0 \u00a0 \u00a0 \u00a0 \u00a0 \u00a0 \u00a0 \u00a0 \u00a0 \u00a0 \u00a0 \u00a0 \u00a0Duett, o.R.: 550 \u20ac<\/h5>\n<h5>\u00a0 \u00a0 \u00a0 \u00a0 \u00a0 \u00a0 \u00a0 \u00a0 \u00a0 \u00a0 \u00a0 \u00a0 \u00a0 \u00a0 \u00a0 \u00a0 \u00a0 \u00a0 \u00a0 \u00a0 \u00a0 \u00a0 \u00a0 \u00a0 \u00a0 \u00a0Duett, m.R.: 648 \u20ac<\/h5>\n<\/div><\/div><\/div><div class=\"fusion-layout-column fusion_builder_column fusion-builder-column-22 fusion_builder_column_1_2 1_2 fusion-flex-column\" style=\"--awb-bg-size:cover;--awb-width-large:50%;--awb-margin-top-large:0px;--awb-spacing-right-large:3.84%;--awb-margin-bottom-large:20px;--awb-spacing-left-large:3.84%;--awb-width-medium:50%;--awb-order-medium:0;--awb-spacing-right-medium:3.84%;--awb-spacing-left-medium:3.84%;--awb-width-small:100%;--awb-order-small:0;--awb-spacing-right-small:1.92%;--awb-spacing-left-small:1.92%;\"><div class=\"fusion-column-wrapper fusion-column-has-shadow fusion-flex-justify-content-flex-start fusion-content-layout-column\"><div class=\"fusion-image-element \" style=\"--awb-caption-title-size:var(--h2_typography-font-size);--awb-caption-title-transform:var(--h2_typography-text-transform);--awb-caption-title-line-height:var(--h2_typography-line-height);--awb-caption-title-letter-spacing:var(--h2_typography-letter-spacing);\"><span class=\" fusion-imageframe imageframe-none imageframe-12 hover-type-none\"><img decoding=\"async\" width=\"760\" height=\"900\" title=\"102120250100041\" src=\"https:\/\/www.diebilderwerkstatt-dsk.de\/wp-content\/uploads\/2025\/01\/102120250100041.jpg\" alt class=\"img-responsive wp-image-1124\" srcset=\"https:\/\/www.diebilderwerkstatt-dsk.de\/wp-content\/uploads\/2025\/01\/102120250100041-200x237.jpg 200w, https:\/\/www.diebilderwerkstatt-dsk.de\/wp-content\/uploads\/2025\/01\/102120250100041-400x474.jpg 400w, https:\/\/www.diebilderwerkstatt-dsk.de\/wp-content\/uploads\/2025\/01\/102120250100041-600x711.jpg 600w, https:\/\/www.diebilderwerkstatt-dsk.de\/wp-content\/uploads\/2025\/01\/102120250100041.jpg 760w\" sizes=\"(max-width: 640px) 100vw, 760px\" \/><\/span><\/div><\/div><\/div><div class=\"fusion-layout-column fusion_builder_column fusion-builder-column-23 fusion_builder_column_1_2 1_2 fusion-flex-column\" style=\"--awb-bg-size:cover;--awb-width-large:50%;--awb-margin-top-large:0px;--awb-spacing-right-large:3.84%;--awb-margin-bottom-large:20px;--awb-spacing-left-large:3.84%;--awb-width-medium:50%;--awb-order-medium:0;--awb-spacing-right-medium:3.84%;--awb-spacing-left-medium:3.84%;--awb-width-small:100%;--awb-order-small:0;--awb-spacing-right-small:1.92%;--awb-spacing-left-small:1.92%;\"><div class=\"fusion-column-wrapper fusion-column-has-shadow fusion-flex-justify-content-flex-start fusion-content-layout-column\"><div class=\"fusion-text fusion-text-12\"><p><b style=\"font-size: 20px; color: var(--awb-custom_color_1);\" data-fusion-font=\"true\">Januar<\/b><\/p>\n<p>\u201eMein Freund kommt h\u00fcpfend \u00fcber die Berge\u201c 1981 hier E.A.<\/p>\n<p>Original Farbholzschnitt:\u00a0 \u00a0 \u00a0 \u00a0 40 x 50 cm<\/p>\n<p>Preis ohne Rahmen:\u00a0 \u00a0 \u00a0 \u00a0 \u00a0 \u00a0 \u00a0 \u00a0 \u00a0250 \u20ac<\/p>\n<p>Rahmung:\u00a0 \u00a0 \u00a0 \u00a0 \u00a0 \u00a0 \u00a0 \u00a0 \u00a0 \u00a0 \u00a0 \u00a0 \u00a0 \u00a0 \u00a0 \u00a0 \u00a0 \u00a0Doppelpassepartout\/ UV-Schutz-Glas\/ Echt Silber Rahmen<\/p>\n<p>Ma\u00df:\u00a0 \u00a0 \u00a0 \u00a0 \u00a0 \u00a0 \u00a0 \u00a0 \u00a0 \u00a0 \u00a0 \u00a0 \u00a0 \u00a0 \u00a0 \u00a0 \u00a0 \u00a0 \u00a0 \u00a0 \u00a0 \u00a0 \u00a050 x 60 cm<\/p>\n<p>Preis komplett:\u00a0 \u00a0 \u00a0 \u00a0 \u00a0 \u00a0 \u00a0 \u00a0 \u00a0 \u00a0 \u00a0 \u00a0 \u00a0 \u00a0679 \u20ac\u00a0 \u00a0 \u00a0 \u00a0 \u00a0 \u00a0 \u00a0 \u00a0Geburtstagspreis \u00a0550,00 \u20ac<\/p>\n<p>Aus Anlass zum 90. Geburtstag von Andreas Felger pr\u00e4sentieren wir Ihnen<\/p>\n<p>als Bild des Monats Januar 2025 diesen Original Farbholzschnitt aus dem Jahr 1981.<\/p>\n<p>Dieser wird in der Bilderwerkstatt\/ Galerie kubiKunst, \u00a0Auf der Lehr 33, gezeigt.<\/p>\n<p>Des Weiteren pr\u00e4sentieren wir in unserem Ausstellungsraum ,Falltorstrasse 15 in M\u00f6ssingen<\/p>\n<p>Original Stoffbilder \u00a0mit Entw\u00fcrfen von Andreas Felger, aus der Kollektion . \u201eAfricana\u201c aus dem Jahre 1964.<\/p>\n<p>Druck auf der Webkante: \u00a0Pausa Druck \u00a0Adolf Felger.<\/p>\n<p>Eine Stoffcollage \u201eBlumenwiese\u201c, ein Wandkalender aus dem Jahre 1979 mit 12 Original Farbholzschnitten,<\/p>\n<p>von Andreas Felger sowie zwei gerahmte Kunstdrucke erg\u00e4nzen das Geburtstagsfenster.<\/p>\n<\/div><\/div><\/div><\/div><\/div><\/p>\n","protected":false},"excerpt":{"rendered":"","protected":false},"author":1,"featured_media":0,"parent":0,"menu_order":3,"comment_status":"closed","ping_status":"closed","template":"100-width.php","meta":{"footnotes":""},"class_list":["post-1126","page","type-page","status-publish","hentry"],"_links":{"self":[{"href":"https:\/\/www.diebilderwerkstatt-dsk.de\/index.php\/wp-json\/wp\/v2\/pages\/1126","targetHints":{"allow":["GET"]}}],"collection":[{"href":"https:\/\/www.diebilderwerkstatt-dsk.de\/index.php\/wp-json\/wp\/v2\/pages"}],"about":[{"href":"https:\/\/www.diebilderwerkstatt-dsk.de\/index.php\/wp-json\/wp\/v2\/types\/page"}],"author":[{"embeddable":true,"href":"https:\/\/www.diebilderwerkstatt-dsk.de\/index.php\/wp-json\/wp\/v2\/users\/1"}],"replies":[{"embeddable":true,"href":"https:\/\/www.diebilderwerkstatt-dsk.de\/index.php\/wp-json\/wp\/v2\/comments?post=1126"}],"version-history":[{"count":32,"href":"https:\/\/www.diebilderwerkstatt-dsk.de\/index.php\/wp-json\/wp\/v2\/pages\/1126\/revisions"}],"predecessor-version":[{"id":1494,"href":"https:\/\/www.diebilderwerkstatt-dsk.de\/index.php\/wp-json\/wp\/v2\/pages\/1126\/revisions\/1494"}],"wp:attachment":[{"href":"https:\/\/www.diebilderwerkstatt-dsk.de\/index.php\/wp-json\/wp\/v2\/media?parent=1126"}],"curies":[{"name":"wp","href":"https:\/\/api.w.org\/{rel}","templated":true}]}}